{"id":21885,"date":"2026-03-09T11:07:25","date_gmt":"2026-03-09T10:07:25","guid":{"rendered":"https:\/\/meta-immobilier.com\/?post_type=estate_property&#038;p=21885"},"modified":"2026-03-09T11:11:14","modified_gmt":"2026-03-09T10:11:14","slug":"beausoleil-f3-balcons-parking","status":"publish","type":"estate_property","link":"https:\/\/meta-immobilier.com\/index.php\/annonces\/beausoleil-f3-balcons-parking\/","title":{"rendered":"Beausoleil F3 balcons parking"},"content":{"rendered":"<p>Beausoleil, aux portes de Monaco, ce bel appartement au 9\u00e8me \u00e9tage de 104,14 m\u00b2 loi Carrez offre de beaux volumes et une excellente luminosit\u00e9, avec vue mer et Monaco.<\/p>\n<p>Il comprend un vaste s\u00e9jour, une cuisine, deux chambres, un dressing, deux salles d\u2019eau avec WC, ainsi que deux balcons (17 m\u00b2 et 11 m\u00b2).<br \/>\nR\u00e9sidence moderne, finitions de qualit\u00e9, acc\u00e8s PMR.<\/p>\n<p>Une cave et un garage dans la r\u00e9sidence compl\u00e8tent ce bien.<\/p>\n<p>Emplacement premium, id\u00e9al r\u00e9sidence principale, pied-\u00e0-terre de prestige ou investissement patrimonial.<\/p>\n<p>Nombre de lots de la copropri\u00e9t\u00e9 : 175, Montant moyen annuel de la quote-part de charges (budget pr\u00e9visionnel) : 180\u20ac par mois.<br \/>\nChauffage et eau chaude en individuel \u00e9lectrique.<\/p>\n<p>Les honoraires sont \u00e0 la charge du vendeur.<\/p>\n<p>Les informations sur les risques auxquels ce bien est expos\u00e9 sont disponibles sur le site G\u00e9orisques : georisques. gouv. fr.<\/p>\n","protected":false},"excerpt":{"rendered":"<p>Beausoleil, aux portes de Monaco, ce bel appartement au 9\u00e8me \u00e9tage de 104,14 m\u00b2 loi Carrez offre de beaux volumes et une excellente luminosit\u00e9, avec vue mer et Monaco. Il comprend un vaste s\u00e9jour, une cuisine, deux chambres, un dressing, deux salles d\u2019eau avec WC, ainsi que deux balcons (17 m\u00b2 et 11 m\u00b2). R\u00e9sidence moderne, finitions de qualit\u00e9, acc\u00e8s PMR. Une cave et &#8230;<\/p>\n","protected":false},"featured_media":21850,"comment_status":"open","ping_status":"closed","template":"","property_category":[31],"property_action_category":[70],"property_city":[125],"property_area":[35],"property_county_state":[43],"property_features":[32,78,41],"property_status":[52],"class_list":["post-21885","estate_property","type-estate_property","status-publish","has-post-thumbnail","hentry","property_category-appartements","property_action_category-vente","property_city-beausoleil","property_area-paca","property_county_state-alpes-maritimes","property_features-ascenseur","property_features-cuisine-equipee","property_features-garage-attache","property_status-nouvelle-offre"],"aioseo_notices":[],"_links":{"self":[{"href":"https:\/\/meta-immobilier.com\/index.php\/wp-json\/wp\/v2\/estate_property\/21885","targetHints":{"allow":["GET"]}}],"collection":[{"href":"https:\/\/meta-immobilier.com\/index.php\/wp-json\/wp\/v2\/estate_property"}],"about":[{"href":"https:\/\/meta-immobilier.com\/index.php\/wp-json\/wp\/v2\/types\/estate_property"}],"replies":[{"embeddable":true,"href":"https:\/\/meta-immobilier.com\/index.php\/wp-json\/wp\/v2\/comments?post=21885"}],"version-history":[{"count":2,"href":"https:\/\/meta-immobilier.com\/index.php\/wp-json\/wp\/v2\/estate_property\/21885\/revisions"}],"predecessor-version":[{"id":21888,"href":"https:\/\/meta-immobilier.com\/index.php\/wp-json\/wp\/v2\/estate_property\/21885\/revisions\/21888"}],"wp:featuredmedia":[{"embeddable":true,"href":"https:\/\/meta-immobilier.com\/index.php\/wp-json\/wp\/v2\/media\/21850"}],"wp:attachment":[{"href":"https:\/\/meta-immobilier.com\/index.php\/wp-json\/wp\/v2\/media?parent=21885"}],"wp:term":[{"taxonomy":"property_category","embeddable":true,"href":"https:\/\/meta-immobilier.com\/index.php\/wp-json\/wp\/v2\/property_category?post=21885"},{"taxonomy":"property_action_category","embeddable":true,"href":"https:\/\/meta-immobilier.com\/index.php\/wp-json\/wp\/v2\/property_action_category?post=21885"},{"taxonomy":"property_city","embeddable":true,"href":"https:\/\/meta-immobilier.com\/index.php\/wp-json\/wp\/v2\/property_city?post=21885"},{"taxonomy":"property_area","embeddable":true,"href":"https:\/\/meta-immobilier.com\/index.php\/wp-json\/wp\/v2\/property_area?post=21885"},{"taxonomy":"property_county_state","embeddable":true,"href":"https:\/\/meta-immobilier.com\/index.php\/wp-json\/wp\/v2\/property_county_state?post=21885"},{"taxonomy":"property_features","embeddable":true,"href":"https:\/\/meta-immobilier.com\/index.php\/wp-json\/wp\/v2\/property_features?post=21885"},{"taxonomy":"property_status","embeddable":true,"href":"https:\/\/meta-immobilier.com\/index.php\/wp-json\/wp\/v2\/property_status?post=21885"}],"curies":[{"name":"wp","href":"https:\/\/api.w.org\/{rel}","templated":true}]}}